{"id":1144,"date":"2021-09-01T12:42:11","date_gmt":"2021-09-01T12:42:11","guid":{"rendered":"https:\/\/museoanton.es\/?page_id=1144"},"modified":"2022-01-13T10:49:24","modified_gmt":"2022-01-13T10:49:24","slug":"qr_int_9","status":"publish","type":"page","link":"https:\/\/museoanton.es\/as\/qr_int_9\/","title":{"rendered":"9.- MENTORES"},"content":{"rendered":"<div  class=\"one withsmallpadding ppb_text\" style=\"padding:30px;\" >\n<h5 id=\"bajar\"><\/h5>\n<\/div>\n<div  class=\"one withsmallpadding ppb_text\" style=\"padding:30px 0 30px 0;\" >\n<div class=\"standard_wrapper\">\n<div class=\"page_content_wrapper\">\n<div class=\"inner\">\n<div style=\"margin:auto;width:100%\">\n<h2 style=\"color: #999999; text-align: center;\"><span style=\"color: #ffffff;\"><img decoding=\"async\" loading=\"lazy\" class=\"alignnone  wp-image-811\" src=\"https:\/\/museoanton.es\/wp-content\/uploads\/2021\/09\/9.svg\" alt=\"\" width=\"50\" height=\"50\" \/><br \/>\n<\/span><span style=\"color: #808080;\"><strong>MENTORES<\/strong><\/span><\/h2>\n<\/div>\n<\/div>\n<\/div>\n<\/div>\n<\/div>\n<div  class=\"one withsmallpadding ppb_text\" style=\"padding:30px 0 30px 0;\" >\n<div class=\"standard_wrapper\">\n<div class=\"page_content_wrapper\">\n<div class=\"inner\">\n<div style=\"margin:auto;width:100%\"><audio class=\"wp-audio-shortcode\" id=\"audio-1144-2\" preload=\"none\" style=\"width: 100%;\" controls=\"controls\"><source type=\"audio\/mpeg\" src=\"https:\/\/museoanton.es\/as\/wp-content\/uploads\/sites\/12\/2022\/01\/int_9as.mp3?_=2\" \/><a href=\"https:\/\/museoanton.es\/as\/wp-content\/uploads\/sites\/12\/2022\/01\/int_9as.mp3\">https:\/\/museoanton.es\/as\/wp-content\/uploads\/sites\/12\/2022\/01\/int_9as.mp3<\/a><\/audio>\n<\/div>\n<\/div>\n<\/div>\n<\/div>\n<\/div>\n<div  class=\"one withsmallpadding ppb_text\" style=\"padding:30px 0 30px 0;\" >\n<div class=\"standard_wrapper\">\n<div class=\"page_content_wrapper\">\n<div class=\"inner\">\n<div style=\"margin:auto;width:100%\">\n<h6 style=\"text-align: right;\"><a class=\"btn btn-default btn-sm\" href=\"https:\/\/museoanton.es\/as\/qr_int_10\/\"><img decoding=\"async\" loading=\"lazy\" class=\"alignnone wp-image-2398\" src=\"https:\/\/3w.museovt.com\/wp-content\/uploads\/2021\/02\/flechaQr.svg\" alt=\"\" width=\"55\" height=\"36\" \/><\/a><\/h6>\n<\/div>\n<\/div>\n<\/div>\n<\/div>\n<\/div>\n<div  class=\"one withsmallpadding ppb_text\" style=\"padding:30px 0 30px 0;\" >\n<div class=\"standard_wrapper\">\n<div class=\"page_content_wrapper\">\n<div class=\"inner\">\n<div style=\"margin:auto;width:100%\">\n<p style=\"text-align: justify;\"><i class=\"fa fa-deaf fa-2x\" aria-hidden=\"true\"><\/i> El pintor xixon\u00e9s Evaristo Valle y l\u2019industrial conserveru Alfonso Albo, fueron les persones que fixeron posible qu\u2019Ant\u00f3n se treslladara a Madrid pa empecipiar la so formaci\u00f3n art\u00edstica.<br \/>\nComo agradecimientu, Ant\u00f3n cre\u00f3 pa ca\u00fan d&#8217;ellos un bustu de bronce fund\u00edo que puedes ver nesta sala. Fix\u00e9ronse dambos a partir de los modelos orixinales n\u2019escayola.<strong>.<\/strong><\/p>\n<\/div>\n<\/div>\n<\/div>\n<\/div>\n<\/div>\n<div  class=\"one withsmallpadding ppb_text\" style=\"padding:30px 0 30px 0;\" >\n<div class=\"standard_wrapper\">\n<div class=\"page_content_wrapper\">\n<div class=\"inner\">\n<div style=\"margin:auto;width:100%\">\n<p style=\"text-align: justify;\"><i class=\"fa fa-deaf fa-2x\" aria-hidden=\"true\"><\/i> El pintor xixon\u00e9s Evaristo Valle y l\u2019industrial conserveru Alfonso Albo, fueron les persones que fixeron posible qu\u2019Ant\u00f3n se treslladara a Madrid pa empecipiar la so formaci\u00f3n art\u00edstica.<br \/>\nComo agradecimientu, Ant\u00f3n cre\u00f3 pa ca\u00fan d&#8217;ellos un bustu de bronce fund\u00edo que puedes ver nesta sala. Fix\u00e9ronse dambos a partir de los modelos orixinales n\u2019escayola.<strong>.<\/strong><\/p>\n<\/div>\n<\/div>\n<\/div>\n<\/div>\n<\/div>\n<div  class=\"one withsmallpadding ppb_text\" style=\"padding:30px 0 30px 0;\" >\n<div class=\"standard_wrapper\">\n<div class=\"page_content_wrapper\">\n<div class=\"inner\">\n<div style=\"margin:auto;width:100%\">\n<p style=\"text-align: justify;\"><i class=\"fa fa-deaf fa-2x\" aria-hidden=\"true\"><\/i> El pintor xixon\u00e9s Evaristo Valle y l\u2019industrial conserveru Alfonso Albo, fueron les persones que fixeron posible qu\u2019Ant\u00f3n se treslladara a Madrid pa empecipiar la so formaci\u00f3n art\u00edstica.<br \/>\nComo agradecimientu, Ant\u00f3n cre\u00f3 pa ca\u00fan d&#8217;ellos un bustu de bronce fund\u00edo que puedes ver nesta sala. Fix\u00e9ronse dambos a partir de los modelos orixinales n\u2019escayola.<strong>.<\/strong><\/p>\n<\/div>\n<\/div>\n<\/div>\n<\/div>\n<\/div>\n<div class=\"standard_wrapper\">\n<div  class=\"two_third last withsmallpadding ppb_text\" style=\"padding:30px 0 30px 0;\" >\n<div class=\"standard_wrapper\">\n<div class=\"page_content_wrapper\">\n<div class=\"inner\">\n<div style=\"margin:auto;width:100%\">\n<h4 style=\"text-align: justify;\"><strong>Alfonso Albo, 1930.<\/strong><\/h4>\n<p style=\"text-align: justify;\">Esti bustu ye un retratu d&#8217;Alfonso Albo, mecenes d&#8217;Ant\u00f3n y propietariu de la f\u00e1brica de conserves Albo de Cand\u00e1s. Como agradecimientu, l\u2019escultor tami\u00e9n-y retrat\u00f3 na pintura al oleu que ta espuesta al llau. Dambes obres t\u00e1n dotaes d\u2019una fonda espresivid\u00e1 na que l\u2019artista-y da puxu. de manera estraordinaria a la visi\u00f3n frontal del retrat\u00e1u.<\/p>\n<\/div>\n<\/div>\n<\/div>\n<\/div>\n<\/div>\n<\/div>\n<div class=\"standard_wrapper\">\n<div  class=\"two_third last withsmallpadding ppb_text\" style=\"padding:30px 0 30px 0;\" >\n<div class=\"standard_wrapper\">\n<div class=\"page_content_wrapper\">\n<div class=\"inner\">\n<div style=\"margin:auto;width:100%\">\n<h4 style=\"text-align: justify;\"><strong>Alfonso Albo, 1930.<\/strong><\/h4>\n<p style=\"text-align: justify;\">Esti bustu ye un retratu d&#8217;Alfonso Albo, mecenes d&#8217;Ant\u00f3n y propietariu de la f\u00e1brica de conserves Albo de Cand\u00e1s. Como agradecimientu, l\u2019escultor tami\u00e9n-y retrat\u00f3 na pintura al oleu que ta espuesta al llau. Dambes obres t\u00e1n dotaes d\u2019una fonda espresivid\u00e1 na que l\u2019artista-y da puxu. de manera estraordinaria a la visi\u00f3n frontal del retrat\u00e1u.<\/p>\n<\/div>\n<\/div>\n<\/div>\n<\/div>\n<\/div>\n<\/div>\n<div class=\"standard_wrapper\">\n<div  class=\"two_third last withsmallpadding ppb_text\" style=\"padding:30px 0 30px 0;\" >\n<div class=\"standard_wrapper\">\n<div class=\"page_content_wrapper\">\n<div class=\"inner\">\n<div style=\"margin:auto;width:100%\">\n<h4 style=\"text-align: justify;\"><strong>Alfonso Albo, 1930.<\/strong><\/h4>\n<p style=\"text-align: justify;\">Esti bustu ye un retratu d&#8217;Alfonso Albo, mecenes d&#8217;Ant\u00f3n y propietariu de la f\u00e1brica de conserves Albo de Cand\u00e1s. Como agradecimientu, l\u2019escultor tami\u00e9n-y retrat\u00f3 na pintura al oleu que ta espuesta al llau. Dambes obres t\u00e1n dotaes d\u2019una fonda espresivid\u00e1 na que l\u2019artista-y da puxu. de manera estraordinaria a la visi\u00f3n frontal del retrat\u00e1u.<\/p>\n<\/div>\n<\/div>\n<\/div>\n<\/div>\n<\/div>\n<\/div>\n<div class=\"standard_wrapper\">\n<div  class=\"two_third last withsmallpadding ppb_text\" style=\"padding:30px 0 30px 0;\" >\n<div class=\"standard_wrapper\">\n<div class=\"page_content_wrapper\">\n<div class=\"inner\">\n<div style=\"margin:auto;width:100%\">\n<h4 style=\"text-align: justify;\"><strong>Evaristo Valle, 1932.<\/strong><\/h4>\n<p style=\"text-align: justify;\">Evaristo Valle afay\u00f3 la capacid\u00e1 art\u00edstica d&#8217;Ant\u00f3n cuando \u00e9sti se present\u00f3 nel 1930 al V Certame Provincial de La Felguera.<\/p>\n<p style=\"text-align: justify;\">Estimando\u2019l so sofitu, fai-y esti retratu nel 1932.<\/p>\n<p style=\"text-align: justify;\">Una obra ensin rastru dalu d\u2019idealizaci\u00f3n, na qu\u2019Ant\u00f3n busca nam\u00e1s destacar la personalid\u00e1 del retrat\u00e1u, faciendo resaltar, con enorme realismu, les sos traces m\u00e1s peculiares.<\/p>\n<\/div>\n<\/div>\n<\/div>\n<\/div>\n<\/div>\n<\/div>\n","protected":false},"excerpt":{"rendered":"<p>MENTORES https:\/\/museoanton.es\/as\/wp-content\/uploads\/sites\/12\/2022\/01\/int_9as.mp3 El pintor xixon\u00e9s Evaristo Valle y l\u2019industrial conserveru Alfonso Albo, fueron les persones que fixeron posible qu\u2019Ant\u00f3n se treslladara a Madrid pa empecipiar la so formaci\u00f3n art\u00edstica. Como agradecimientu, Ant\u00f3n cre\u00f3 pa ca\u00fan d&#8217;ellos un bustu de bronce [&hellip;]<\/p>\n","protected":false},"author":1,"featured_media":0,"parent":0,"menu_order":0,"comment_status":"closed","ping_status":"closed","template":"","meta":{"inline_featured_image":false,"_trash_the_other_posts":false,"editor_notices":[],"footnotes":""},"class_list":["post-1144","page","type-page","status-publish","hentry"],"_links":{"self":[{"href":"https:\/\/museoanton.es\/as\/wp-json\/wp\/v2\/pages\/1144","targetHints":{"allow":["GET"]}}],"collection":[{"href":"https:\/\/museoanton.es\/as\/wp-json\/wp\/v2\/pages"}],"about":[{"href":"https:\/\/museoanton.es\/as\/wp-json\/wp\/v2\/types\/page"}],"author":[{"embeddable":true,"href":"https:\/\/museoanton.es\/as\/wp-json\/wp\/v2\/users\/1"}],"replies":[{"embeddable":true,"href":"https:\/\/museoanton.es\/as\/wp-json\/wp\/v2\/comments?post=1144"}],"version-history":[{"count":44,"href":"https:\/\/museoanton.es\/as\/wp-json\/wp\/v2\/pages\/1144\/revisions"}],"predecessor-version":[{"id":2620,"href":"https:\/\/museoanton.es\/as\/wp-json\/wp\/v2\/pages\/1144\/revisions\/2620"}],"wp:attachment":[{"href":"https:\/\/museoanton.es\/as\/wp-json\/wp\/v2\/media?parent=1144"}],"curies":[{"name":"wp","href":"https:\/\/api.w.org\/{rel}","templated":true}]}}